{"id":11142,"date":"2025-04-15T00:23:59","date_gmt":"2025-04-15T00:23:59","guid":{"rendered":"https:\/\/www.goaviator.com\/?post_type=product&#038;p=11142"},"modified":"2025-12-29T03:16:31","modified_gmt":"2025-12-29T03:16:31","slug":"p-3-rundflug-in-grenchen","status":"publish","type":"product","link":"https:\/\/www.goaviator.com\/fr\/flug\/p-3-rundflug-in-grenchen","title":{"rendered":"Vol touristique en Pilatus P-3 au d\u00e9part de Granges"},"content":{"rendered":"<div class=\"row\"  id=\"row-1614542051\">\n\n\t<div id=\"col-1822955329\" class=\"col medium-6 large-6\"  >\n\t\t\t\t<div class=\"col-inner\"  >\n\t\t\t\n\t\t\t\n<h2>Pilatus P-3 \u2013 L\u2019ing\u00e9nierie suisse rencontre le plaisir de voler !<\/h2>\n<p>Vol touristique en P-3 au d\u00e9part de Granges\u00a0: la pr\u00e9cision suisse \u00e0 son apog\u00e9e\u00a0! D\u00e9couvrez le Pilatus P-3, qui a servi dans les Forces a\u00e9riennes suisses jusqu&#039;en 1994. Contrairement \u00e0 son pr\u00e9d\u00e9cesseur, <a href=\"https:\/\/www.goaviator.com\/fr\/flug\/p-2-flugerlebnis-in-grenchen\/\">Pilatus P-2<\/a> Le P-3, plus moderne, n&#039;est plus un avion \u00e0 roue de queue, mais un avion \u00e0 roue de nez.<\/p>\n<h3><\/h3>\n<h3>Caract\u00e9ristiques de vol P-3<\/h3>\n<div class='rprogress-container'>\r\n\t\t\t\t<div class='rprogress-wrap rprogress' data-progress-percent='60' data-speed='1000' style='background: #737b40; border-radius: 3px; -moz-border-radius: 3px; -webkit-border-radius: 3px; -o-border-radius: 3px;'>\r\n\t\t\t\t\t<div class='rprogress-bar rprogress' style='background: #ccc'><\/div><div class='rprogress-text' style='color: #333'>adr\u00e9naline<\/div>\r\n\t\t\t\t<\/div>\r\n\t\t\t\t<\/div>\r\n\t\t\t\t\n<div class='rprogress-container'>\r\n\t\t\t\t<div class='rprogress-wrap rprogress' data-progress-percent='60' data-speed='1000' style='background: #737b40; border-radius: 3px; -moz-border-radius: 3px; -webkit-border-radius: 3px; -o-border-radius: 3px;'>\r\n\t\t\t\t\t<div class='rprogress-bar rprogress' style='background: #ccc'><\/div><div class='rprogress-text' style='color: #333'>acrobaties a\u00e9riennes<\/div>\r\n\t\t\t\t<\/div>\r\n\t\t\t\t<\/div>\r\n\t\t\t\t\n<div class='rprogress-container'>\r\n\t\t\t\t<div class='rprogress-wrap rprogress' data-progress-percent='40' data-speed='1000' style='background: #737b40; border-radius: 3px; -moz-border-radius: 3px; -webkit-border-radius: 3px; -o-border-radius: 3px;'>\r\n\t\t\t\t\t<div class='rprogress-bar rprogress' style='background: #ccc'><\/div><div class='rprogress-text' style='color: #333'>Forces G<\/div>\r\n\t\t\t\t<\/div>\r\n\t\t\t\t<\/div>\r\n\t\t\t\t\n<div class='rprogress-container'>\r\n\t\t\t\t<div class='rprogress-wrap rprogress' data-progress-percent='50' data-speed='1000' style='background: #737b40; border-radius: 3px; -moz-border-radius: 3px; -webkit-border-radius: 3px; -o-border-radius: 3px;'>\r\n\t\t\t\t\t<div class='rprogress-bar rprogress' style='background: #ccc'><\/div><div class='rprogress-text' style='color: #333'>vitesse<\/div>\r\n\t\t\t\t<\/div>\r\n\t\t\t\t<\/div>\r\n\t\t\t\t\n<div class='rprogress-container'>\r\n\t\t\t\t<div class='rprogress-wrap rprogress' data-progress-percent='90' data-speed='1000' style='background: #737b40; border-radius: 3px; -moz-border-radius: 3px; -webkit-border-radius: 3px; -o-border-radius: 3px;'>\r\n\t\t\t\t\t<div class='rprogress-bar rprogress' style='background: #ccc'><\/div><div class='rprogress-text' style='color: #333'>Paysage<\/div>\r\n\t\t\t\t<\/div>\r\n\t\t\t\t<\/div>\r\n\t\t\t\t\n<p>&nbsp;<\/p>\n<h3><h3 class=\"accordion_title\">5 raisons de prendre le vol touristique P-3<\/h3><div class=\"accordion\"><\/h3>\n\t<div id=\"accordion-1926595563\" class=\"accordion-item\">\n\t\t<a id=\"accordion-1926595563-label\" class=\"accordion-title plain\" href=\"#accordion-item-exklusives-flugerlebnis\" aria-expanded=\"false\" aria-controls=\"accordion-1926595563-content\" >\n\t\t\t<button class=\"toggle\" aria-label=\"Basculer\"><i class=\"icon-angle-down\"><\/i><\/button>\n\t\t\t<span>Exp\u00e9rience de vol exclusive<\/span>\n\t\t<\/a>\n\t\t<div id=\"accordion-1926595563-content\" class=\"accordion-inner\" aria-labelledby=\"accordion-1926595563-label\" >\n\t\t\t\n<p>Volez dans un v\u00e9ritable Pilatus P-3, l&#039;ancien avion d&#039;entra\u00eenement des Forces a\u00e9riennes suisses !<\/p>\n\t\t<\/div>\n\t<\/div>\n\t\n\t<div id=\"accordion-1526134509\" class=\"accordion-item\">\n\t\t<a id=\"accordion-1526134509-label\" class=\"accordion-title plain\" href=\"#accordion-item-flexible-flugdauer\" aria-expanded=\"false\" aria-controls=\"accordion-1526134509-content\" >\n\t\t\t<button class=\"toggle\" aria-label=\"Basculer\"><i class=\"icon-angle-down\"><\/i><\/button>\n\t\t\t<span>Dur\u00e9e de vol flexible<\/span>\n\t\t<\/a>\n\t\t<div id=\"accordion-1526134509-content\" class=\"accordion-inner\" aria-labelledby=\"accordion-1526134509-label\" >\n\t\t\t\n<p><strong>30 minutes<\/strong> \u2013 Vol compact avec acrobaties au-dessus du Jura<br \/>\n<strong>60 minutes<\/strong> \u2013 Vol prolong\u00e9 vers le sud jusqu\u2019\u00e0 l\u2019Oberland bernois<\/p>\n\t\t<\/div>\n\t<\/div>\n\t\n\t<div id=\"accordion-520505329\" class=\"accordion-item\">\n\t\t<a id=\"accordion-520505329-label\" class=\"accordion-title plain\" href=\"#accordion-item-unglaubliche-szenerie\" aria-expanded=\"false\" aria-controls=\"accordion-520505329-content\" >\n\t\t\t<button class=\"toggle\" aria-label=\"Basculer\"><i class=\"icon-angle-down\"><\/i><\/button>\n\t\t\t<span>Des paysages incroyables<\/span>\n\t\t<\/a>\n\t\t<div id=\"accordion-520505329-content\" class=\"accordion-inner\" aria-labelledby=\"accordion-520505329-label\" >\n\t\t\t\n<p>Outre la r\u00e9gion du lac de Bienne, Granges abrite \u00e9galement d&#039;impressionnantes montagnes id\u00e9ales pour la gymnastique avec un appareil d&#039;entra\u00eenement militaire comme le P-3. Parmi les plus c\u00e9l\u00e8bres, on trouve\u00a0:<\/p>\n<ul>\n<li><strong>Weissenstein<\/strong>\u00a0\u2013 Destination d\u2019excursion avec des vues fantastiques.<\/li>\n<li><strong>R\u00f6ti<\/strong>\u00a0\u2013 Offre un panorama impressionnant \u00e0 360 degr\u00e9s.<\/li>\n<li><strong>Balmfluech\u00f6pfli<\/strong>\u00a0\u2013 Beau sommet, superbe vue.<\/li>\n<li><strong>Li\u00e8vre Matt<\/strong>\u00a0\u2013 Point culminant du canton de Soleure.<\/li>\n<li><strong>Wandflue<\/strong>\u00a0\u2013 Rocher impressionnant, vue magnifique.<\/li>\n<\/ul>\n<p>Au\u00a0<strong>vol plus long de 60 minutes<\/strong>\u00a0puis se dirige souvent vers le sud via Berne en direction de la r\u00e9gion naturelle\u00a0<strong>paysage tr\u00e8s impressionnant de l&#039;Oberland bernois<\/strong>, avec<\/p>\n<ul>\n<li><strong>Schafberg<\/strong>\u00a0\u2013 Sommet impressionnant, vue sur le Salzkammergut.<\/li>\n<li><strong>Stockhorn<\/strong>\u00a0\u2013 Vue panoramique populaire sur l\u2019Oberland bernois.<\/li>\n<li><strong>\u00c9ternuer<\/strong>\u00a0\u2013 Pyramid Mountain \u00bb avec une silhouette spectaculaire.<\/li>\n<li><strong>Lac de Thoune<\/strong>\u00a0\u2013 Lac pittoresque aux couleurs irr\u00e9elles, entour\u00e9 de montagnes majestueuses.<\/li>\n<li><strong>Lac de Brienz<\/strong> \u2013 Presque plus beau que le lac de Thoune !<\/li>\n<li><strong>Eiger, M\u00f6nch, Jungfrau<\/strong><\/li>\n<\/ul>\n<p>\u2026ou dans la direction\u00a0<strong>Gruy\u00e8re<\/strong>, avec la belle\u00a0<strong>Lac de la Gruy\u00e8re<\/strong>\u00a0et\u00a0<strong>La Berra<\/strong>.<\/p>\n<p>Une autre option est <strong>Creux-du-Van<\/strong>, <strong>Lac de Neuch\u00e2tel<\/strong> et au-dessus de l&#039;a\u00e9rodrome militaire de Payerne.<\/p>\n\t\t<\/div>\n\t<\/div>\n\t\n\t<div id=\"accordion-137863247\" class=\"accordion-item\">\n\t\t<a id=\"accordion-137863247-label\" class=\"accordion-title plain\" href=\"#accordion-item-sportliches-flugvergn\u00fcgen\" aria-expanded=\"false\" aria-controls=\"accordion-137863247-content\" >\n\t\t\t<button class=\"toggle\" aria-label=\"Basculer\"><i class=\"icon-angle-down\"><\/i><\/button>\n\t\t\t<span>Le plaisir du vol sportif<\/span>\n\t\t<\/a>\n\t\t<div id=\"accordion-137863247-content\" class=\"accordion-inner\" aria-labelledby=\"accordion-137863247-label\" >\n\t\t\t\n<p>D\u00e9couvrez les caract\u00e9ristiques de vol agiles de cet avion d&#039;entra\u00eenement militaire de fabrication suisse (avec des \u00e9l\u00e9ments acrobatiques en option).<\/p>\n\t\t<\/div>\n\t<\/div>\n\t\n\t<div id=\"accordion-1015573349\" class=\"accordion-item\">\n\t\t<a id=\"accordion-1015573349-label\" class=\"accordion-title plain\" href=\"#accordion-item-historische-flugbasis\" aria-expanded=\"false\" aria-controls=\"accordion-1015573349-content\" >\n\t\t\t<button class=\"toggle\" aria-label=\"Basculer\"><i class=\"icon-angle-down\"><\/i><\/button>\n\t\t\t<span>Base a\u00e9rienne historique<\/span>\n\t\t<\/a>\n\t\t<div id=\"accordion-1015573349-content\" class=\"accordion-inner\" aria-labelledby=\"accordion-1015573349-label\" >\n\t\t\t\n<p>D\u00e9collage depuis l&#039;a\u00e9rodrome traditionnel de Granges, haut lieu de l&#039;histoire de l&#039;aviation suisse !<\/p>\n\t\t<\/div>\n\t<\/div>\n\t\n<\/div>\n\t\t<\/div>\n\t\t\t\t\t<\/div>\n\n\t\n\n\t<div id=\"col-2057573924\" class=\"col medium-6 large-6\"  >\n\t\t\t\t<div class=\"col-inner\"  >\n\t\t\t\n\t\t\t\n<h3><strong>Voix du client<\/strong><\/h3>\n  <div class=\"icon-box testimonial-box icon-box-left text-left\">\n                <div class=\"icon-box-img testimonial-image circle\" style=\"width: 80px\">\n              <img decoding=\"async\" src=\"http:\/\/www.goaviator.com\/wp-content\/uploads\/2014\/05\/nobody-m.jpg\" alt=\"Ricky\"\/>        <\/div>\n                <div class=\"icon-box-text p-last-0\">\n          <div class=\"star-rating\"><span style=\"width:100%\"><strong class=\"rating\"><\/strong><\/span><\/div>  \t\t\t\t<div class=\"testimonial-text line-height-small italic test_text first-reset last-reset is-italic\">\n            \n<p>Le vol en P3 avec les Alpes bernoises comme destination \u00e9tait vraiment sympa, gr\u00e2ce \u00e0 tous les participants. Malheureusement, j&#039;en avais assez du vol acrobatique au bout d&#039;un moment\u2026 Sinon, j&#039;aurais pu continuer ind\u00e9finiment\u00a0!<\/p>\n          <\/div>\n          <div class=\"testimonial-meta pt-half\">\n             <strong class=\"testimonial-name test_name\">Ricky<\/strong>\n             <span class=\"testimonial-name-divider\"> \/ <\/span>             <span class=\"testimonial-company test_company\">Aesch, Suisse<\/span>\n          <\/div>\n        <\/div>\n  <\/div>\n\n  \n<p>&nbsp;<\/p>\n<h3><h3 class=\"accordion_title\">Questions et r\u00e9ponses sur le vol P-3<\/h3><div class=\"accordion\"><\/h3>\n\t<div id=\"accordion-1782232876\" class=\"accordion-item\">\n\t\t<a id=\"accordion-1782232876-label\" class=\"accordion-title plain\" href=\"#accordion-item-wann-finden-fl\u00fcge-statt?\" aria-expanded=\"false\" aria-controls=\"accordion-1782232876-content\" >\n\t\t\t<button class=\"toggle\" aria-label=\"Basculer\"><i class=\"icon-angle-down\"><\/i><\/button>\n\t\t\t<span>Quand ont lieu les vols ?<\/span>\n\t\t<\/a>\n\t\t<div id=\"accordion-1782232876-content\" class=\"accordion-inner\" aria-labelledby=\"accordion-1782232876-label\" >\n\t\t\t\n<p>Les vols ont lieu toute l&#039;ann\u00e9e en fonction de la m\u00e9t\u00e9o, mais de pr\u00e9f\u00e9rence du printemps \u00e0 l&#039;automne sur rendez-vous.<\/p>\n\t\t<\/div>\n\t<\/div>\n\t\n\t<div id=\"accordion-1496704984\" class=\"accordion-item\">\n\t\t<a id=\"accordion-1496704984-label\" class=\"accordion-title plain\" href=\"#accordion-item-welche-flugdauer-wird-empfohlen?\" aria-expanded=\"false\" aria-controls=\"accordion-1496704984-content\" >\n\t\t\t<button class=\"toggle\" aria-label=\"Basculer\"><i class=\"icon-angle-down\"><\/i><\/button>\n\t\t\t<span>Quelle est la dur\u00e9e de vol recommand\u00e9e ?<\/span>\n\t\t<\/a>\n\t\t<div id=\"accordion-1496704984-content\" class=\"accordion-inner\" aria-labelledby=\"accordion-1496704984-label\" >\n\t\t\t\n<p>Nous recommandons un vol plus long pour d\u00e9couvrir toutes les facettes du P-3. Les vols plus courts survolent g\u00e9n\u00e9ralement le Jura, tandis que les vols plus longs vous emm\u00e8nent souvent dans les Alpes bernoises. Le programme et l&#039;itin\u00e9raire peuvent toutefois \u00eatre adapt\u00e9s \u00e0 vos pr\u00e9f\u00e9rences et souhaits.<\/p>\n\t\t<\/div>\n\t<\/div>\n\t\n\t<div id=\"accordion-2304674345\" class=\"accordion-item\">\n\t\t<a id=\"accordion-2304674345-label\" class=\"accordion-title plain\" href=\"#accordion-item-wo-fliegen-wir-hin?\" aria-expanded=\"false\" aria-controls=\"accordion-2304674345-content\" >\n\t\t\t<button class=\"toggle\" aria-label=\"Basculer\"><i class=\"icon-angle-down\"><\/i><\/button>\n\t\t\t<span>O\u00f9 allons-nous voler ?<\/span>\n\t\t<\/a>\n\t\t<div id=\"accordion-2304674345-content\" class=\"accordion-inner\" aria-labelledby=\"accordion-2304674345-label\" >\n\t\t\t\n<p>Cela d\u00e9pend enti\u00e8rement de vous.<\/p>\n<p>Pour les vols plus courts, la r\u00e9gion de Granges offre non seulement le magnifique lac de Bienne, mais aussi une vari\u00e9t\u00e9 de montagnes impressionnantes, id\u00e9ales pour un vol dynamique avec un avion d&#039;entra\u00eenement militaire comme le P-3. Parmi les sommets remarquables, on trouve\u00a0:<\/p>\n<ul>\n<li><strong>Weissenstein<\/strong> \u2013 Une destination d\u2019excursion populaire avec des vues magnifiques.<\/li>\n<li><strong>R\u00f6ti<\/strong> \u2013 Offre un panorama impressionnant \u00e0 360 degr\u00e9s.<\/li>\n<li><strong>Balmfluech\u00f6pfli<\/strong> \u2013 Un magnifique sommet avec des vues de premier ordre.<\/li>\n<li><strong>Li\u00e8vre Matt<\/strong> \u2013 Le point culminant du canton de Soleure.<\/li>\n<li><strong>Wandflue<\/strong> \u2013 Un rocher saisissant avec des vues spectaculaires.<\/li>\n<\/ul>\n<p>Pour une dur\u00e9e plus longue, environ <strong>vol de 60 minutes<\/strong> L&#039;itin\u00e9raire m\u00e8ne souvent vers le sud, en passant par Berne, et plus loin dans les paysages majestueux de l&#039;Oberland bernois. L\u00e0, des paysages naturels impressionnants vous attendent, tels que\u00a0:<\/p>\n<ul>\n<li><strong>Schafberg<\/strong> \u2013 Un sommet impressionnant avec une large vue sur le Salzkammergut.<\/li>\n<li><strong>Stockhorn<\/strong> \u2013 Un point de vue populaire avec une vue panoramique sur l&#039;Oberland bernois.<\/li>\n<li><strong>\u00c9ternuer<\/strong> \u2013 La \u00ab Montagne Pyramide \u00bb avec sa silhouette saisissante.<\/li>\n<li><strong>Lac de Thoune<\/strong> \u2013 Un lac pittoresque aux eaux turquoises et lumineuses, nich\u00e9 dans un panorama de montagne.<\/li>\n<li><strong>Lac de Brienz<\/strong> \u2013 Encore plus sauvage et color\u00e9 que le lac de Thoune !<\/li>\n<li><strong>Eiger, M\u00f6nch et Jungfrau<\/strong> \u2013 Les sommets l\u00e9gendaires des Alpes bernoises.<\/li>\n<\/ul>\n<p>Alternativement, il existe \u00e9galement un itin\u00e9raire vers <strong>Gruy\u00e8re<\/strong> avec l&#039;idyllique <strong>Lac de la Gruy\u00e8re<\/strong> et <strong>La Berra<\/strong> \u00e0.<\/p>\n<p>Une autre option spectaculaire est un vol au-dessus de la <strong>Creux-du-Van<\/strong>, le <strong>Lac de Neuch\u00e2tel<\/strong> et enfin un passage sur le <strong>A\u00e9rodrome militaire de Payerne<\/strong>, qui joue un r\u00f4le particulier dans l&#039;histoire de l&#039;aviation suisse.<\/p>\n<p>Quel que soit l&#039;itin\u00e9raire que vous choisissez, une exp\u00e9rience de vol unique pleine de vues \u00e0 couper le souffle et de paysages fascinants est garantie !<\/p>\n\t\t<\/div>\n\t<\/div>\n\t\n\t<div id=\"accordion-3237528170\" class=\"accordion-item\">\n\t\t<a id=\"accordion-3237528170-label\" class=\"accordion-title plain\" href=\"#accordion-item-wie-sieht-der-ablauf-aus?\" aria-expanded=\"false\" aria-controls=\"accordion-3237528170-content\" >\n\t\t\t<button class=\"toggle\" aria-label=\"Basculer\"><i class=\"icon-angle-down\"><\/i><\/button>\n\t\t\t<span>Quel est le processus ?<\/span>\n\t\t<\/a>\n\t\t<div id=\"accordion-3237528170-content\" class=\"accordion-inner\" aria-labelledby=\"accordion-3237528170-label\" >\n\t\t\t\n<p>Avant de commencer votre aventure \u00e0 bord du Pilatus P-3, vous aurez l&#039;occasion d&#039;admirer de pr\u00e8s cet impressionnant avion d&#039;entra\u00eenement militaire argent\u00e9 et \u00e9tincelant. Apr\u00e8s une br\u00e8ve pr\u00e9sentation, vous d\u00e9couvrirez les particularit\u00e9s de cet avion historique. Lors du briefing qui suit, vous discuterez avec le pilote du programme souhait\u00e9\u00a0: vol touristique tranquille ou man\u0153uvres palpitantes, tout sera personnalis\u00e9 selon vos besoins. Vous vous pr\u00e9parerez ensuite au d\u00e9collage avant de vous envoler d\u00e9finitivement et de profiter pleinement des sensations uniques du vol \u00e0 bord du P-3. Apr\u00e8s l&#039;atterrissage, vous aurez le temps d&#039;\u00e9changer avec le pilote, de prendre des photos souvenirs et, pourquoi pas, de savourer un verre au bar convivial de l&#039;a\u00e9rodrome\u00a0\u2013 la conclusion id\u00e9ale d&#039;une exp\u00e9rience a\u00e9rienne inoubliable\u00a0!<\/p>\n\t\t<\/div>\n\t<\/div>\n\t\n\t<div id=\"accordion-1374866692\" class=\"accordion-item\">\n\t\t<a id=\"accordion-1374866692-label\" class=\"accordion-title plain\" href=\"#accordion-item-wie-lange-dauert-es-insgesamt?\" aria-expanded=\"false\" aria-controls=\"accordion-1374866692-content\" >\n\t\t\t<button class=\"toggle\" aria-label=\"Basculer\"><i class=\"icon-angle-down\"><\/i><\/button>\n\t\t\t<span>Combien de temps cela prend-il au total ?<\/span>\n\t\t<\/a>\n\t\t<div id=\"accordion-1374866692-content\" class=\"accordion-inner\" aria-labelledby=\"accordion-1374866692-label\" >\n\t\t\t\n<p>Outre le temps de vol, pr\u00e9voyez au moins une heure pour l&#039;exp\u00e9rience compl\u00e8te. Bien s\u00fbr, c&#039;est \u00e0 vous de d\u00e9cider comment vous occuperez votre temps apr\u00e8s l&#039;atterrissage. Profitez-en pour discuter avec le pilote de votre aventure a\u00e9rienne unique, prendre des photos souvenirs ou, si vous avez le temps, l&#039;inviter \u00e0 prendre un verre \u2013 une fa\u00e7on id\u00e9ale de conclure une exp\u00e9rience a\u00e9rienne inoubliable\u00a0!<\/p>\n\t\t<\/div>\n\t<\/div>\n\t\n\t<div id=\"accordion-2126927220\" class=\"accordion-item\">\n\t\t<a id=\"accordion-2126927220-label\" class=\"accordion-title plain\" href=\"#accordion-item-macht-man-im-p-3-kunstflug?\" aria-expanded=\"false\" aria-controls=\"accordion-2126927220-content\" >\n\t\t\t<button class=\"toggle\" aria-label=\"Basculer\"><i class=\"icon-angle-down\"><\/i><\/button>\n\t\t\t<span>Est-ce que vous faites de la voltige dans le P-3 ?<\/span>\n\t\t<\/a>\n\t\t<div id=\"accordion-2126927220-content\" class=\"accordion-inner\" aria-labelledby=\"accordion-2126927220-label\" >\n\t\t\t\n<p>Votre pilote exp\u00e9riment\u00e9 fera de votre vol \u00e0 bord du Pilatus P-3 une exp\u00e9rience inoubliable. Son objectif n&#039;est pas de repousser les limites de l&#039;avion, mais de cr\u00e9er un programme de vol personnalis\u00e9, parfaitement adapt\u00e9 \u00e0 vos pr\u00e9f\u00e9rences. En particulier lors des acrobaties a\u00e9riennes, il accorde une grande importance \u00e0 votre bien-\u00eatre et adapte les man\u0153uvres \u00e0 vos besoins. Apr\u00e8s chaque man\u0153uvre, il vous demandera comment vous vous sentez afin d&#039;adapter le programme en toute flexibilit\u00e9. Vous pouvez ainsi combiner vols panoramiques et acrobaties a\u00e9riennes palpitantes selon vos envies, cr\u00e9ant ainsi une exp\u00e9rience de vol personnalis\u00e9e.<\/p>\n<p>Les figures et man\u0153uvres acrobatiques possibles incluent :<\/p>\n<ul>\n<li>Boucles<\/li>\n<li>Rouler<\/li>\n<li>Vol \u00e0 l&#039;envers ou invers\u00e9<\/li>\n<li>Tourner\/Inverser<\/li>\n<li>Immelmann (reprise)<\/li>\n<li>Split-S<\/li>\n<li>Rotation<\/li>\n<\/ul>\n<p>Vous serez en contact permanent avec votre pilote. Votre estomac a besoin d&#039;une pause ? Pas de probl\u00e8me ! Nous passerons au programme de vol touristique tranquille, vous permettant de prendre une grande respiration. Si vous souhaitez un peu plus de sensations fortes plus tard, n&#039;h\u00e9sitez pas ! Vous constaterez peut-\u00eatre aussi que certaines man\u0153uvres vous plaisent plus que d&#039;autres. Certains ont du mal avec les tonneaux, d&#039;autres n&#039;y sont pas g\u00ean\u00e9s, mais les loopings sont acceptables. Il est utile de regarder l&#039;horizon.<\/p>\n\t\t<\/div>\n\t<\/div>\n\t\n\t<div id=\"accordion-2063009998\" class=\"accordion-item\">\n\t\t<a id=\"accordion-2063009998-label\" class=\"accordion-title plain\" href=\"#accordion-item-k\u00f6nnen-freunde-oder-familie-mit-aufs-flugfeld?\" aria-expanded=\"false\" aria-controls=\"accordion-2063009998-content\" >\n\t\t\t<button class=\"toggle\" aria-label=\"Basculer\"><i class=\"icon-angle-down\"><\/i><\/button>\n\t\t\t<span>Les amis ou la famille peuvent-ils venir \u00e0 l&#039;a\u00e9rodrome ?<\/span>\n\t\t<\/a>\n\t\t<div id=\"accordion-2063009998-content\" class=\"accordion-inner\" aria-labelledby=\"accordion-2063009998-label\" >\n\t\t\t\n<p>Bien entendu, vos proches sont les bienvenus pour vous accompagner tout au long du processus, de la pr\u00e9paration du vol et du briefing au d\u00e9collage et \u00e0 l&#039;atterrissage. Le simple fait d&#039;\u00eatre spectateur est un v\u00e9ritable moment fort ! Pendant que vous profitez de votre aventure a\u00e9rienne, vos compagnons peuvent se d\u00e9tendre dans le bar convivial de l&#039;a\u00e9rodrome. Avec une vue imprenable sur la piste, une aire de jeux pour les plus petits et un bon caf\u00e9, vous pourrez passer le temps d&#039;attente dans une ambiance agr\u00e9able. Une exp\u00e9rience pour tous !<\/p>\n\t\t<\/div>\n\t<\/div>\n\t\n\t<div id=\"accordion-1180752007\" class=\"accordion-item\">\n\t\t<a id=\"accordion-1180752007-label\" class=\"accordion-title plain\" href=\"#accordion-item-darf-ich-fotos-oder-videos-aufnehmen?\" aria-expanded=\"false\" aria-controls=\"accordion-1180752007-content\" >\n\t\t\t<button class=\"toggle\" aria-label=\"Basculer\"><i class=\"icon-angle-down\"><\/i><\/button>\n\t\t\t<span>Puis-je prendre des photos ou des vid\u00e9os ?<\/span>\n\t\t<\/a>\n\t\t<div id=\"accordion-1180752007-content\" class=\"accordion-inner\" aria-labelledby=\"accordion-1180752007-label\" >\n\t\t\t\n<p>Vous \u00eates autoris\u00e9 \u00e0 prendre des photos et des vid\u00e9os avant et apr\u00e8s le vol gratuitement.\u00a0<b>Des vid\u00e9os pendant le vol peuvent \u00eatre r\u00e9serv\u00e9es<\/b>Pour ce faire, assurez-vous d\u2019ajouter l\u2019option vid\u00e9o lors de la r\u00e9servation de votre vol.<\/p>\n\t\t<\/div>\n\t<\/div>\n\t\n\t<div id=\"accordion-3557899092\" class=\"accordion-item\">\n\t\t<a id=\"accordion-3557899092-label\" class=\"accordion-title plain\" href=\"#accordion-item-wer-ist-mein-pilot?\" aria-expanded=\"false\" aria-controls=\"accordion-3557899092-content\" >\n\t\t\t<button class=\"toggle\" aria-label=\"Basculer\"><i class=\"icon-angle-down\"><\/i><\/button>\n\t\t\t<span>Qui est mon pilote ?<\/span>\n\t\t<\/a>\n\t\t<div id=\"accordion-3557899092-content\" class=\"accordion-inner\" aria-labelledby=\"accordion-3557899092-label\" >\n\t\t\t\n<p>Votre pilote vole \u00e9galement depuis Granges le <a href=\"https:\/\/www.goaviator.com\/fr\/flug\/flug-in-offenem-buecker-doppeldecker-grenchen\/\">Vol touristique en biplan B\u00fccker Jungmann<\/a> et le <a href=\"https:\/\/www.goaviator.com\/fr\/flug\/p-2-flugerlebnis-in-grenchen\/\">Vol dans le Pilatus P-2<\/a>, le pr\u00e9d\u00e9cesseur du P-3. Tous ces vols sont vivement recommand\u00e9s \u2013 et tous trois ont \u00e9t\u00e9 produits en Suisse\u00a0! Alors, si vous n&#039;\u00eates toujours pas satisfait apr\u00e8s votre vol avec le P-3, pas de probl\u00e8me\u00a0!<\/p>\n\t\t<\/div>\n\t<\/div>\n\t\n\t<div id=\"accordion-1124739523\" class=\"accordion-item\">\n\t\t<a id=\"accordion-1124739523-label\" class=\"accordion-title plain\" href=\"#accordion-item-kann-ich-mehr-\u00fcber-den-b\u00fccker-erfahren?\" aria-expanded=\"false\" aria-controls=\"accordion-1124739523-content\" >\n\t\t\t<button class=\"toggle\" aria-label=\"Basculer\"><i class=\"icon-angle-down\"><\/i><\/button>\n\t\t\t<span>Puis-je en savoir plus sur le B\u00fccker ?<\/span>\n\t\t<\/a>\n\t\t<div id=\"accordion-1124739523-content\" class=\"accordion-inner\" aria-labelledby=\"accordion-1124739523-label\" >\n\t\t\t\n<p>Le <strong>Pilatus P-3<\/strong> est un avion d&#039;entra\u00eenement et d&#039;entra\u00eenement biplace d\u00e9velopp\u00e9 dans les ann\u00e9es 1950 par <strong>Avion Pilatus<\/strong> a \u00e9t\u00e9 d\u00e9velopp\u00e9 en Suisse. Son premier vol a eu lieu le <strong>3 septembre 1953<\/strong> au lieu de cela, et c&#039;\u00e9tait <strong>1955<\/strong> L&#039;avion est con\u00e7u comme <strong>monoplan \u00e0 aile basse en porte-\u00e0-faux<\/strong> con\u00e7u et dispose d&#039;un <strong>Moteur Lycoming GO-435-C2A2<\/strong> avec <strong>240 ch<\/strong>, qui a une vitesse maximale de <strong>306 km\/h<\/strong> Avec une gamme de <strong>750 km<\/strong> et un plafond de service de <strong>5 500 m<\/strong> Le P-3 \u00e9tait id\u00e9al pour la formation des pilotes militaires. Au total, <strong>79 exemplaires<\/strong> construit, dont <strong>72 pour les Forces a\u00e9riennes suisses<\/strong> et <strong>6 pour le Br\u00e9sil<\/strong> Le P-3 a \u00e9t\u00e9 remplac\u00e9 plus tard par le <strong>PC-7<\/strong> Remplac\u00e9, il est rest\u00e9 en service comme avion de liaison pendant plusieurs ann\u00e9es. Aujourd&#039;hui, il est encore utilis\u00e9 par certains passionn\u00e9s de warbirds.<\/p>\n\t\t<\/div>\n\t<\/div>\n\t\n<\/div>\n\t\t<\/div>\n\t\t\t\t\t<\/div>\n\n\t\n<\/div>\n<p class=\"p1\"><div class=\"container section-title-container\" ><h3 class=\"section-title section-title-normal\"><b><\/b><span class=\"section-title-main\" >Plus de t\u00e9moignages de clients<\/span><b><\/b><\/h3><\/div>\n<div class=\"row\"  id=\"row-1000753074\">\n\n\t<div id=\"col-1489432786\" class=\"col medium-4 large-4\"  >\n\t\t\t\t<div class=\"col-inner\"  >\n\t\t\t\n\t\t\t\n  <div class=\"icon-box testimonial-box icon-box-left text-left\">\n                <div class=\"icon-box-img testimonial-image circle\" style=\"width: 80px\">\n              <img decoding=\"async\" src=\"http:\/\/www.goaviator.com\/wp-content\/uploads\/2014\/05\/nobody-m.jpg\" alt=\"Daniel\"\/>        <\/div>\n                <div class=\"icon-box-text p-last-0\">\n          <div class=\"star-rating\"><span style=\"width:100%\"><strong class=\"rating\"><\/strong><\/span><\/div>  \t\t\t\t<div class=\"testimonial-text line-height-small italic test_text first-reset last-reset is-italic\">\n            \n<p>Clairement la meilleure fa\u00e7on de passer un dimanche apr\u00e8s-midi. Passons maintenant \u00e0 la Mustang\u00a0!<\/p>\n          <\/div>\n          <div class=\"testimonial-meta pt-half\">\n             <strong class=\"testimonial-name test_name\">Daniel<\/strong>\n             <span class=\"testimonial-name-divider\"> \/ <\/span>             <span class=\"testimonial-company test_company\">Soleure, Suisse<\/span>\n          <\/div>\n        <\/div>\n  <\/div>\n\n  \n\t\t<\/div>\n\t\t\t\t\t<\/div>\n\n\t\n\n\t<div id=\"col-1295410349\" class=\"col medium-4 large-4\"  >\n\t\t\t\t<div class=\"col-inner\"  >\n\t\t\t\n\t\t\t\n  <div class=\"icon-box testimonial-box icon-box-left text-left\">\n                <div class=\"icon-box-img testimonial-image circle\" style=\"width: 80px\">\n              <img decoding=\"async\" src=\"http:\/\/www.goaviator.com\/wp-content\/uploads\/2014\/05\/nobody-m.jpg\" alt=\"Giancarlo\"\/>        <\/div>\n                <div class=\"icon-box-text p-last-0\">\n          <div class=\"star-rating\"><span style=\"width:100%\"><strong class=\"rating\"><\/strong><\/span><\/div>  \t\t\t\t<div class=\"testimonial-text line-height-small italic test_text first-reset last-reset is-italic\">\n            \n<p>Absolument \u00e9poustouflant ! Je me sentais comme un oiseau survolant les Alpes.<\/p>\n          <\/div>\n          <div class=\"testimonial-meta pt-half\">\n             <strong class=\"testimonial-name test_name\">Giancarlo<\/strong>\n             <span class=\"testimonial-name-divider\"> \/ <\/span>             <span class=\"testimonial-company test_company\">Bergame, Italie<\/span>\n          <\/div>\n        <\/div>\n  <\/div>\n\n  \n\t\t<\/div>\n\t\t\t\t\t<\/div>\n\n\t\n\n\t<div id=\"col-1896724209\" class=\"col medium-4 large-4\"  >\n\t\t\t\t<div class=\"col-inner\"  >\n\t\t\t\n\t\t\t\n  <div class=\"icon-box testimonial-box icon-box-left text-left\">\n                <div class=\"icon-box-img testimonial-image circle\" style=\"width: 80px\">\n              <img decoding=\"async\" src=\"http:\/\/www.goaviator.com\/wp-content\/uploads\/2014\/05\/nobody-f.jpg\" alt=\"Muriel\"\/>        <\/div>\n                <div class=\"icon-box-text p-last-0\">\n          <div class=\"star-rating\"><span style=\"width:100%\"><strong class=\"rating\"><\/strong><\/span><\/div>  \t\t\t\t<div class=\"testimonial-text line-height-small italic test_text first-reset last-reset is-italic\">\n            \n<p>J&#039;ai toujours su que c&#039;\u00e9tait le r\u00eave de Pierre. Merci de l&#039;avoir rendu possible\u00a0!<\/p>\n          <\/div>\n          <div class=\"testimonial-meta pt-half\">\n             <strong class=\"testimonial-name test_name\">Muriel<\/strong>\n             <span class=\"testimonial-name-divider\"> \/ <\/span>             <span class=\"testimonial-company test_company\">Lyon, France<\/span>\n          <\/div>\n        <\/div>\n  <\/div>\n\n  \n\t\t<\/div>\n\t\t\t\t\t<\/div>\n\n\t\n<\/div>","protected":false},"excerpt":{"rendered":"<p>D\u00e9couvrez un pan de l&#039;histoire de l&#039;aviation suisse lors d&#039;un vol touristique exclusif en Pilatus P-3 au d\u00e9part de Granges ! Choisissez entre un court vol de 30 minutes au-dessus du Jura ou un vol prolong\u00e9 de 60 minutes avec des panoramas alpins \u00e9poustouflants sur l&#039;Oberland bernois. Vivez le frisson de voler \u00e0 bord de cet avion suisse classique, avec la possibilit\u00e9 de man\u0153uvres sportives. Pr\u00eat pour le d\u00e9collage depuis l&#039;a\u00e9rodrome historique de Granges, o\u00f9 la tradition a\u00e9ronautique suisse rencontre le plaisir de voler moderne \u2013 une exp\u00e9rience inoubliable pour les vrais passionn\u00e9s d&#039;aviation !<\/p>","protected":false},"featured_media":11149,"template":"","meta":[],"product_brand":[],"product_cat":[656,364,721,728,361,732,733,655,699,703],"product_tag":[391,411],"class_list":{"0":"post-11142","1":"product","2":"type-product","3":"status-publish","4":"has-post-thumbnail","6":"product_cat-fluege-ab-habsheim","7":"product_cat-flug-erlebnis-schweiz-buchen","8":"product_cat-historische-fluege-grenchen","9":"product_cat-historische-fluege-nordschweiz","10":"product_cat-kunstflug-schweiz-buchen","11":"product_cat-kunstfluege-grenchen","12":"product_cat-kunstfluege-nordschweiz","13":"product_cat-rundflug-schweiz-buchen","14":"product_cat-rundfluege-grenchen","15":"product_cat-rundfluege-nordschweiz","16":"product_tag-historisch-de","17":"product_tag-schweiz","18":"pa_einheiten-produziert-421","19":"pa_flugdauer-30-minuten","20":"pa_flugdauer-60-minuten","21":"pa_flugzeugart-militarisches-trainingsflugzeug","22":"pa_hersteller-pilatus","23":"pa_hoechstgeschwindigkeit-335-kmh","24":"pa_status-ausgemustert","25":"pa_verfuegbarkeit-dienstag","26":"pa_verfuegbarkeit-donnerstag","27":"pa_verfuegbarkeit-freitag","28":"pa_verfuegbarkeit-mittwoch","29":"pa_verfuegbarkeit-montag","30":"pa_verfuegbarkeit-samstag","31":"pa_verfuegbarkeit-sonntag","33":"first","34":"instock","35":"shipping-taxable","36":"purchasable","37":"product-type-variable"},"yoast_head":"<!-- This site is optimized with the Yoast SEO plugin v25.4 - https:\/\/yoast.com\/wordpress\/plugins\/seo\/ -->\n<title>Schweizer Luftfahrt hautnah beim Pilatus P-3 Rundflug ab Grenchen!<\/title>\n<meta name=\"description\" content=\"Steigen Sie in die Pilatus P-3 zum unvergesslichen Flug! Ob 30-min\u00fctige Jura oder 60-min\u00fctige Alpenroute mit unwirklicher Szenerie: Ein unvergessliches Erlebnis f\u00fcr Flugzeugliebhaber mit spektakul\u00e4ren Flugman\u00f6vern!\" \/>\n<meta name=\"robots\" content=\"index, follow, max-snippet:-1, max-image-preview:large, max-video-preview:-1\" \/>\n<link rel=\"canonical\" href=\"http:\/\/www.goaviator.com\/fr\/flug\/p-3-rundflug-in-grenchen\/\" \/>\n<meta property=\"og:locale\" content=\"fr_FR\" \/>\n<meta property=\"og:type\" content=\"article\" \/>\n<meta property=\"og:title\" content=\"Schweizer Luftfahrt hautnah beim Pilatus P-3 Rundflug ab Grenchen!\" \/>\n<meta property=\"og:description\" content=\"Steigen Sie in die Pilatus P-3 zum unvergesslichen Flug! Ob 30-min\u00fctige Jura oder 60-min\u00fctige Alpenroute mit unwirklicher Szenerie: Ein unvergessliches Erlebnis f\u00fcr Flugzeugliebhaber mit spektakul\u00e4ren Flugman\u00f6vern!\" \/>\n<meta property=\"og:url\" content=\"http:\/\/www.goaviator.com\/fr\/flug\/p-3-rundflug-in-grenchen\/\" \/>\n<meta property=\"og:site_name\" content=\"GoAviator - Flieg mit echten Legenden.\" \/>\n<meta property=\"article:publisher\" content=\"https:\/\/www.facebook.com\/GoAviator\/\" \/>\n<meta property=\"article:modified_time\" content=\"2025-12-29T03:16:31+00:00\" \/>\n<meta property=\"og:image\" content=\"http:\/\/www.goaviator.com\/wp-content\/uploads\/2025\/04\/p3-pilatus-rundflug-schweiz-1600x1067.png\" \/>\n\t<meta property=\"og:image:width\" content=\"1600\" \/>\n\t<meta property=\"og:image:height\" content=\"1067\" \/>\n\t<meta property=\"og:image:type\" content=\"image\/png\" \/>\n<meta name=\"twitter:label1\" content=\"Dur\u00e9e de lecture estim\u00e9e\" \/>\n\t<meta name=\"twitter:data1\" content=\"9 minutes\" \/>\n<script type=\"application\/ld+json\" class=\"yoast-schema-graph\">{\"@context\":\"https:\/\/schema.org\",\"@graph\":[{\"@type\":\"WebPage\",\"@id\":\"http:\/\/www.goaviator.com\/flug\/p-3-rundflug-in-grenchen\",\"url\":\"http:\/\/www.goaviator.com\/flug\/p-3-rundflug-in-grenchen\",\"name\":\"Schweizer Luftfahrt hautnah beim Pilatus P-3 Rundflug ab Grenchen!\",\"isPartOf\":{\"@id\":\"http:\/\/www.goaviator.com\/en\/#website\"},\"primaryImageOfPage\":{\"@id\":\"http:\/\/www.goaviator.com\/flug\/p-3-rundflug-in-grenchen#primaryimage\"},\"image\":{\"@id\":\"http:\/\/www.goaviator.com\/flug\/p-3-rundflug-in-grenchen#primaryimage\"},\"thumbnailUrl\":\"https:\/\/www.goaviator.com\/wp-content\/uploads\/2025\/04\/p3-pilatus-rundflug-schweiz.png\",\"datePublished\":\"2025-04-15T00:23:59+00:00\",\"dateModified\":\"2025-12-29T03:16:31+00:00\",\"description\":\"Steigen Sie in die Pilatus P-3 zum unvergesslichen Flug! Ob 30-min\u00fctige Jura oder 60-min\u00fctige Alpenroute mit unwirklicher Szenerie: Ein unvergessliches Erlebnis f\u00fcr Flugzeugliebhaber mit spektakul\u00e4ren Flugman\u00f6vern!\",\"breadcrumb\":{\"@id\":\"http:\/\/www.goaviator.com\/flug\/p-3-rundflug-in-grenchen#breadcrumb\"},\"inLanguage\":\"fr-FR\",\"potentialAction\":[{\"@type\":\"ReadAction\",\"target\":[\"http:\/\/www.goaviator.com\/flug\/p-3-rundflug-in-grenchen\"]}]},{\"@type\":\"ImageObject\",\"inLanguage\":\"fr-FR\",\"@id\":\"http:\/\/www.goaviator.com\/flug\/p-3-rundflug-in-grenchen#primaryimage\",\"url\":\"https:\/\/www.goaviator.com\/wp-content\/uploads\/2025\/04\/p3-pilatus-rundflug-schweiz.png\",\"contentUrl\":\"https:\/\/www.goaviator.com\/wp-content\/uploads\/2025\/04\/p3-pilatus-rundflug-schweiz.png\",\"width\":1782,\"height\":1188},{\"@type\":\"BreadcrumbList\",\"@id\":\"http:\/\/www.goaviator.com\/flug\/p-3-rundflug-in-grenchen#breadcrumb\",\"itemListElement\":[{\"@type\":\"ListItem\",\"position\":1,\"name\":\"Home\",\"item\":\"http:\/\/www.goaviator.com\/en\/\"},{\"@type\":\"ListItem\",\"position\":2,\"name\":\"Shop\",\"item\":\"https:\/\/www.goaviator.com\/shop\"},{\"@type\":\"ListItem\",\"position\":3,\"name\":\"Pilatus P-3 Rundflug ab Grenchen\"}]},{\"@type\":\"WebSite\",\"@id\":\"http:\/\/www.goaviator.com\/en\/#website\",\"url\":\"http:\/\/www.goaviator.com\/en\/\",\"name\":\"GoAviator - Flieg mit echten Legenden.\",\"description\":\"Flieg mit echten Legenden.\",\"publisher\":{\"@id\":\"http:\/\/www.goaviator.com\/en\/#organization\"},\"potentialAction\":[{\"@type\":\"SearchAction\",\"target\":{\"@type\":\"EntryPoint\",\"urlTemplate\":\"http:\/\/www.goaviator.com\/en\/?s={search_term_string}\"},\"query-input\":{\"@type\":\"PropertyValueSpecification\",\"valueRequired\":true,\"valueName\":\"search_term_string\"}}],\"inLanguage\":\"fr-FR\"},{\"@type\":\"Organization\",\"@id\":\"http:\/\/www.goaviator.com\/en\/#organization\",\"name\":\"GoAviator - Flieg mit echten Legenden.\",\"url\":\"http:\/\/www.goaviator.com\/en\/\",\"logo\":{\"@type\":\"ImageObject\",\"inLanguage\":\"fr-FR\",\"@id\":\"http:\/\/www.goaviator.com\/en\/#\/schema\/logo\/image\/\",\"url\":\"https:\/\/www.goaviator.com\/wp-content\/uploads\/2025\/03\/cropped-logo_no_wings_green.gif\",\"contentUrl\":\"https:\/\/www.goaviator.com\/wp-content\/uploads\/2025\/03\/cropped-logo_no_wings_green.gif\",\"width\":512,\"height\":512,\"caption\":\"GoAviator - Flieg mit echten Legenden.\"},\"image\":{\"@id\":\"http:\/\/www.goaviator.com\/en\/#\/schema\/logo\/image\/\"},\"sameAs\":[\"https:\/\/www.facebook.com\/GoAviator\/\",\"https:\/\/instagram.com\/goaviatorcom\"]}]}<\/script>\n<!-- \/ Yoast SEO plugin. -->","yoast_head_json":{"title":"Schweizer Luftfahrt hautnah beim Pilatus P-3 Rundflug ab Grenchen!","description":"Steigen Sie in die Pilatus P-3 zum unvergesslichen Flug! Ob 30-min\u00fctige Jura oder 60-min\u00fctige Alpenroute mit unwirklicher Szenerie: Ein unvergessliches Erlebnis f\u00fcr Flugzeugliebhaber mit spektakul\u00e4ren Flugman\u00f6vern!","robots":{"index":"index","follow":"follow","max-snippet":"max-snippet:-1","max-image-preview":"max-image-preview:large","max-video-preview":"max-video-preview:-1"},"canonical":"http:\/\/www.goaviator.com\/fr\/flug\/p-3-rundflug-in-grenchen\/","og_locale":"fr_FR","og_type":"article","og_title":"Schweizer Luftfahrt hautnah beim Pilatus P-3 Rundflug ab Grenchen!","og_description":"Steigen Sie in die Pilatus P-3 zum unvergesslichen Flug! Ob 30-min\u00fctige Jura oder 60-min\u00fctige Alpenroute mit unwirklicher Szenerie: Ein unvergessliches Erlebnis f\u00fcr Flugzeugliebhaber mit spektakul\u00e4ren Flugman\u00f6vern!","og_url":"http:\/\/www.goaviator.com\/fr\/flug\/p-3-rundflug-in-grenchen\/","og_site_name":"GoAviator - Flieg mit echten Legenden.","article_publisher":"https:\/\/www.facebook.com\/GoAviator\/","article_modified_time":"2025-12-29T03:16:31+00:00","og_image":[{"width":1600,"height":1067,"url":"http:\/\/www.goaviator.com\/wp-content\/uploads\/2025\/04\/p3-pilatus-rundflug-schweiz-1600x1067.png","type":"image\/png"}],"twitter_misc":{"Dur\u00e9e de lecture estim\u00e9e":"9 minutes"},"schema":{"@context":"https:\/\/schema.org","@graph":[{"@type":"WebPage","@id":"http:\/\/www.goaviator.com\/flug\/p-3-rundflug-in-grenchen","url":"http:\/\/www.goaviator.com\/flug\/p-3-rundflug-in-grenchen","name":"Schweizer Luftfahrt hautnah beim Pilatus P-3 Rundflug ab Grenchen!","isPartOf":{"@id":"http:\/\/www.goaviator.com\/en\/#website"},"primaryImageOfPage":{"@id":"http:\/\/www.goaviator.com\/flug\/p-3-rundflug-in-grenchen#primaryimage"},"image":{"@id":"http:\/\/www.goaviator.com\/flug\/p-3-rundflug-in-grenchen#primaryimage"},"thumbnailUrl":"https:\/\/www.goaviator.com\/wp-content\/uploads\/2025\/04\/p3-pilatus-rundflug-schweiz.png","datePublished":"2025-04-15T00:23:59+00:00","dateModified":"2025-12-29T03:16:31+00:00","description":"Steigen Sie in die Pilatus P-3 zum unvergesslichen Flug! Ob 30-min\u00fctige Jura oder 60-min\u00fctige Alpenroute mit unwirklicher Szenerie: Ein unvergessliches Erlebnis f\u00fcr Flugzeugliebhaber mit spektakul\u00e4ren Flugman\u00f6vern!","breadcrumb":{"@id":"http:\/\/www.goaviator.com\/flug\/p-3-rundflug-in-grenchen#breadcrumb"},"inLanguage":"fr-FR","potentialAction":[{"@type":"ReadAction","target":["http:\/\/www.goaviator.com\/flug\/p-3-rundflug-in-grenchen"]}]},{"@type":"ImageObject","inLanguage":"fr-FR","@id":"http:\/\/www.goaviator.com\/flug\/p-3-rundflug-in-grenchen#primaryimage","url":"https:\/\/www.goaviator.com\/wp-content\/uploads\/2025\/04\/p3-pilatus-rundflug-schweiz.png","contentUrl":"https:\/\/www.goaviator.com\/wp-content\/uploads\/2025\/04\/p3-pilatus-rundflug-schweiz.png","width":1782,"height":1188},{"@type":"BreadcrumbList","@id":"http:\/\/www.goaviator.com\/flug\/p-3-rundflug-in-grenchen#breadcrumb","itemListElement":[{"@type":"ListItem","position":1,"name":"Home","item":"http:\/\/www.goaviator.com\/en\/"},{"@type":"ListItem","position":2,"name":"Shop","item":"https:\/\/www.goaviator.com\/shop"},{"@type":"ListItem","position":3,"name":"Pilatus P-3 Rundflug ab Grenchen"}]},{"@type":"WebSite","@id":"http:\/\/www.goaviator.com\/en\/#website","url":"http:\/\/www.goaviator.com\/en\/","name":"GoAviator - Flieg mit echten Legenden.","description":"Flieg mit echten Legenden.","publisher":{"@id":"http:\/\/www.goaviator.com\/en\/#organization"},"potentialAction":[{"@type":"SearchAction","target":{"@type":"EntryPoint","urlTemplate":"http:\/\/www.goaviator.com\/en\/?s={search_term_string}"},"query-input":{"@type":"PropertyValueSpecification","valueRequired":true,"valueName":"search_term_string"}}],"inLanguage":"fr-FR"},{"@type":"Organization","@id":"http:\/\/www.goaviator.com\/en\/#organization","name":"GoAviator - Flieg mit echten Legenden.","url":"http:\/\/www.goaviator.com\/en\/","logo":{"@type":"ImageObject","inLanguage":"fr-FR","@id":"http:\/\/www.goaviator.com\/en\/#\/schema\/logo\/image\/","url":"https:\/\/www.goaviator.com\/wp-content\/uploads\/2025\/03\/cropped-logo_no_wings_green.gif","contentUrl":"https:\/\/www.goaviator.com\/wp-content\/uploads\/2025\/03\/cropped-logo_no_wings_green.gif","width":512,"height":512,"caption":"GoAviator - Flieg mit echten Legenden."},"image":{"@id":"http:\/\/www.goaviator.com\/en\/#\/schema\/logo\/image\/"},"sameAs":["https:\/\/www.facebook.com\/GoAviator\/","https:\/\/instagram.com\/goaviatorcom"]}]}},"_links":{"self":[{"href":"https:\/\/www.goaviator.com\/fr\/wp-json\/wp\/v2\/product\/11142","targetHints":{"allow":["GET"]}}],"collection":[{"href":"https:\/\/www.goaviator.com\/fr\/wp-json\/wp\/v2\/product"}],"about":[{"href":"https:\/\/www.goaviator.com\/fr\/wp-json\/wp\/v2\/types\/product"}],"wp:featuredmedia":[{"embeddable":true,"href":"https:\/\/www.goaviator.com\/fr\/wp-json\/wp\/v2\/media\/11149"}],"wp:attachment":[{"href":"https:\/\/www.goaviator.com\/fr\/wp-json\/wp\/v2\/media?parent=11142"}],"wp:term":[{"taxonomy":"product_brand","embeddable":true,"href":"https:\/\/www.goaviator.com\/fr\/wp-json\/wp\/v2\/product_brand?post=11142"},{"taxonomy":"product_cat","embeddable":true,"href":"https:\/\/www.goaviator.com\/fr\/wp-json\/wp\/v2\/product_cat?post=11142"},{"taxonomy":"product_tag","embeddable":true,"href":"https:\/\/www.goaviator.com\/fr\/wp-json\/wp\/v2\/product_tag?post=11142"}],"curies":[{"name":"wp","href":"https:\/\/api.w.org\/{rel}","templated":true}]}}