{"id":11560,"date":"2025-05-16T02:38:31","date_gmt":"2025-05-16T02:38:31","guid":{"rendered":"https:\/\/www.goaviator.com\/?post_type=product&#038;p=11560"},"modified":"2025-12-23T02:58:11","modified_gmt":"2025-12-23T02:58:11","slug":"volo-in-parapendio-in-tandem-rigi","status":"publish","type":"product","link":"https:\/\/www.goaviator.com\/it\/flug\/tandem-gleitschirmflug-rigi","title":{"rendered":"Volo in parapendio biposto vicino a Rigi"},"content":{"rendered":"<div class=\"row\"  id=\"row-695689014\">\n\n\t<div id=\"col-1021272673\" class=\"col medium-1\/2 large-6\"  >\n\t\t\t\t<div class=\"col-inner\"  >\n\t\t\t\n\t\t\t\n<h2>Zauberhafter Tandem-Gleitschirmflug ab der Rigi<\/h2>\n<p>Startpunkt Ihres Abenteuers ist die Talstation der traditionsreichen Zahnradbahn Goldau-Rigi Kulm. Von hier beginnt Ihre Reise in die H\u00f6he \u2013 bis auf den majest\u00e4tischen Rigi-Gipfel, der als \u201eK\u00f6nigin der Berge\u201c bekannt ist. Nach einer kurzen Instruktion durch Ihren erfahrenen Tandempiloten heisst es: bereitmachen zum Abheben!<\/p>\n<p>&nbsp;<\/p>\n<h3>Flugcharakteristik<\/h3>\n<div class='rprogress-container'>\r\n\t\t\t\t<div class='rprogress-wrap rprogress' data-progress-percent='50' data-speed='1000' style='background: #737b40; border-radius: 3px; -moz-border-radius: 3px; -webkit-border-radius: 3px; -o-border-radius: 3px;'>\r\n\t\t\t\t\t<div class='rprogress-bar rprogress' style='background: #ccc'><\/div><div class='rprogress-text' style='color: #333'>Adrenalin<\/div>\r\n\t\t\t\t<\/div>\r\n\t\t\t\t<\/div>\r\n\t\t\t\t\n<div class='rprogress-container'>\r\n\t\t\t\t<div class='rprogress-wrap rprogress' data-progress-percent='30' data-speed='1000' style='background: #737b40; border-radius: 3px; -moz-border-radius: 3px; -webkit-border-radius: 3px; -o-border-radius: 3px;'>\r\n\t\t\t\t\t<div class='rprogress-bar rprogress' style='background: #ccc'><\/div><div class='rprogress-text' style='color: #333'>Kunstflug<\/div>\r\n\t\t\t\t<\/div>\r\n\t\t\t\t<\/div>\r\n\t\t\t\t\n<div class='rprogress-container'>\r\n\t\t\t\t<div class='rprogress-wrap rprogress' data-progress-percent='30' data-speed='1000' style='background: #737b40; border-radius: 3px; -moz-border-radius: 3px; -webkit-border-radius: 3px; -o-border-radius: 3px;'>\r\n\t\t\t\t\t<div class='rprogress-bar rprogress' style='background: #ccc'><\/div><div class='rprogress-text' style='color: #333'>G-Kr\u00e4fte<\/div>\r\n\t\t\t\t<\/div>\r\n\t\t\t\t<\/div>\r\n\t\t\t\t\n<div class='rprogress-container'>\r\n\t\t\t\t<div class='rprogress-wrap rprogress' data-progress-percent='10' data-speed='1000' style='background: #737b40; border-radius: 3px; -moz-border-radius: 3px; -webkit-border-radius: 3px; -o-border-radius: 3px;'>\r\n\t\t\t\t\t<div class='rprogress-bar rprogress' style='background: #ccc'><\/div><div class='rprogress-text' style='color: #333'>Geschwindigkeit<\/div>\r\n\t\t\t\t<\/div>\r\n\t\t\t\t<\/div>\r\n\t\t\t\t\n<div class='rprogress-container'>\r\n\t\t\t\t<div class='rprogress-wrap rprogress' data-progress-percent='100' data-speed='1000' style='background: #737b40; border-radius: 3px; -moz-border-radius: 3px; -webkit-border-radius: 3px; -o-border-radius: 3px;'>\r\n\t\t\t\t\t<div class='rprogress-bar rprogress' style='background: #ccc'><\/div><div class='rprogress-text' style='color: #333'>Landschaft<\/div>\r\n\t\t\t\t<\/div>\r\n\t\t\t\t<\/div>\r\n\t\t\t\t\n<p>&nbsp;<\/p>\n<h3><h3 class=\"accordion_title\">5 Gr\u00fcnde f\u00fcr diesen Flug<\/h3><div class=\"accordion\"><\/h3>\n\t<div id=\"accordion-3939645559\" class=\"accordion-item\">\n\t\t<a id=\"accordion-3939645559-label\" class=\"accordion-title plain\" href=\"#accordion-item-spektakul\u00e4re-aussicht-\u2013-wie-aus-dem-bilderbuch\" aria-expanded=\"false\" aria-controls=\"accordion-3939645559-content\">\n\t\t\t<button class=\"toggle\" aria-label=\"Attiva\/Disattiva\"><i class=\"icon-angle-down\" aria-hidden=\"true\"><\/i><\/button>\n\t\t\t<span>Spektakul\u00e4re Aussicht \u2013 wie aus dem Bilderbuch<\/span>\n\t\t<\/a>\n\t\t<div id=\"accordion-3939645559-content\" class=\"accordion-inner\" aria-labelledby=\"accordion-3939645559-label\">\n\t\t\t\nVom Startplatz auf der Rigi geniessen Sie einen der sch\u00f6nsten Panoramablicke der Schweiz. Vierwaldst\u00e4tter- Zuger- und Lauerzersee, schneebedeckte Alpengipfel und sanfte H\u00fcgelketten breiten sich unter Ihnen aus \u2013 ein Ausblick, den man nicht vergisst.<br \/>\n\t\t<\/div>\n\t<\/div>\n\t\n\t<div id=\"accordion-2791274797\" class=\"accordion-item\">\n\t\t<a id=\"accordion-2791274797-label\" class=\"accordion-title plain\" href=\"#accordion-item-kein-vorwissen-n\u00f6tig-\u2013-einfach-abheben\" aria-expanded=\"false\" aria-controls=\"accordion-2791274797-content\">\n\t\t\t<button class=\"toggle\" aria-label=\"Attiva\/Disattiva\"><i class=\"icon-angle-down\" aria-hidden=\"true\"><\/i><\/button>\n\t\t\t<span>Kein Vorwissen n\u00f6tig \u2013 einfach abheben<\/span>\n\t\t<\/a>\n\t\t<div id=\"accordion-2791274797-content\" class=\"accordion-inner\" aria-labelledby=\"accordion-2791274797-label\">\n\t\t\t\nDer Tandemflug erfordert keinerlei Erfahrung. Sie werden von einem erfahrenen, lizenzierten Piloten begleitet, der sich um alles k\u00fcmmert. Nach einer kurzen Einf\u00fchrung geht\u2019s direkt los \u2013 sicher, entspannt und unkompliziert.<br \/>\n\t\t<\/div>\n\t<\/div>\n\t\n\t<div id=\"accordion-4218307922\" class=\"accordion-item\">\n\t\t<a id=\"accordion-4218307922-label\" class=\"accordion-title plain\" href=\"#accordion-item-das-pure-gef\u00fchl-von-freiheit\" aria-expanded=\"false\" aria-controls=\"accordion-4218307922-content\">\n\t\t\t<button class=\"toggle\" aria-label=\"Attiva\/Disattiva\"><i class=\"icon-angle-down\" aria-hidden=\"true\"><\/i><\/button>\n\t\t\t<span>Das pure Gef\u00fchl von Freiheit<\/span>\n\t\t<\/a>\n\t\t<div id=\"accordion-4218307922-content\" class=\"accordion-inner\" aria-labelledby=\"accordion-4218307922-label\">\n\t\t\t\nDer Moment, in dem die F\u00fcsse den Boden verlassen und Sie lautlos durch die Luft gleiten, ist einzigartig. Kein L\u00e4rm, kein Stress \u2013 nur Sie, der Wind und die endlose Weite. Dieses Gef\u00fchl kann man nicht beschreiben \u2013 man muss es erleben.<br \/>\n\t\t<\/div>\n\t<\/div>\n\t\n\t<div id=\"accordion-3651700997\" class=\"accordion-item\">\n\t\t<a id=\"accordion-3651700997-label\" class=\"accordion-title plain\" aria-expanded=\"false\" aria-controls=\"accordion-3651700997-content\">\n\t\t\t<button class=\"toggle\" aria-label=\"Attiva\/Disattiva\"><i class=\"icon-angle-down\" aria-hidden=\"true\"><\/i><\/button>\n\t\t\t<span>Auf Wunsch: selbst steuern oder Action erleben<\/span>\n\t\t<\/a>\n\t\t<div id=\"accordion-3651700997-content\" class=\"accordion-inner\" aria-labelledby=\"accordion-3651700997-label\">\n\t\t\t\nSie wollen mehr als nur mitfliegen? Kein Problem! Wer m\u00f6chte, darf selbst die Steuerleinen \u00fcbernehmen oder \u2013 bei passender Thermik \u2013 mit dem Piloten dynamischere Flugman\u00f6ver wie Spiralen oder Wingovers ausprobieren.<br \/>\n\t\t<\/div>\n\t<\/div>\n\t\n\t<div id=\"accordion-3255048864\" class=\"accordion-item\">\n\t\t<a id=\"accordion-3255048864-label\" class=\"accordion-title plain\" href=\"#accordion-item-ein-erlebnis-f\u00fcr-jedes-alter-und-jeden-anlass\" aria-expanded=\"false\" aria-controls=\"accordion-3255048864-content\">\n\t\t\t<button class=\"toggle\" aria-label=\"Attiva\/Disattiva\"><i class=\"icon-angle-down\" aria-hidden=\"true\"><\/i><\/button>\n\t\t\t<span>Ein Erlebnis f\u00fcr jedes Alter und jeden Anlass<\/span>\n\t\t<\/a>\n\t\t<div id=\"accordion-3255048864-content\" class=\"accordion-inner\" aria-labelledby=\"accordion-3255048864-label\">\n\t\t\t\nOb als Geschenk, als Teil eines besonderen Ausflugs oder einfach, um sich selbst etwas Aussergew\u00f6hnliches zu g\u00f6nnen \u2013 ein Gleitschirmflug ist f\u00fcr fast jeden geeignet und hinterl\u00e4sst bleibende Eindr\u00fccke.<br \/>\n\t\t<\/div>\n\t<\/div>\n\t\n<\/div>\n\t\t<\/div>\n\t\t\t\t\t<\/div>\n\n\t\n\n\t<div id=\"col-669256768\" class=\"col medium-1\/2 large-6\"  >\n\t\t\t\t<div class=\"col-inner\"  >\n\t\t\t\n\t\t\t\n<h3><strong>Kundenstimme<\/strong><\/h3>\n  <div class=\"icon-box testimonial-box icon-box-left text-left\">\n                <div class=\"icon-box-img testimonial-image circle\" style=\"width: 80px\">\n              <img decoding=\"async\" src=\"https:\/\/www.goaviator.com\/wp-content\/uploads\/2014\/05\/nobody-m.jpg\" alt=\"Donna\"\/>        <\/div>\n                <div class=\"icon-box-text p-last-0\">\n          <div class=\"star-rating\" role=\"img\" aria-label=\"Rated 5 out of 5\"><span style=\"width:100%\"><strong class=\"rating\"><\/strong><\/span><\/div>  \t\t\t\t<div class=\"testimonial-text line-height-small italic test_text first-reset last-reset is-italic\">\n            \nEin echt unvergessliches Geschenk. Ich hatte schon ein bisschen ein mulmiges Gef\u00fchl und war sehr aufgeregt. Aber mein Tandempilot Marcel war super nett und ich hatte sofort vollstes Vertrauen. Als wir dann in der Luft waren war das mulmige Gef\u00fchl vollst\u00e4ndig verschwunden, und ich war einfach nur noch gl\u00fccklich.<br \/>\n          <\/div>\n          <div class=\"testimonial-meta pt-half\">\n             <strong class=\"testimonial-name test_name\">Donna<\/strong>\n             <span class=\"testimonial-name-divider\"> \/ <\/span>             <span class=\"testimonial-company test_company\">K\u00e4giswil, Schweiz<\/span>\n          <\/div>\n        <\/div>\n  <\/div>\n\n  \n<p>&nbsp;<\/p>\n<h3><h3 class=\"accordion_title\">Fragen &amp; Antworten<\/h3><div class=\"accordion\"><\/h3>\n\t<div id=\"accordion-118913379\" class=\"accordion-item\">\n\t\t<a id=\"accordion-118913379-label\" class=\"accordion-title plain\" href=\"#accordion-item-wie-l\u00e4uft-ein-tandemflug-ab?\" aria-expanded=\"false\" aria-controls=\"accordion-118913379-content\">\n\t\t\t<button class=\"toggle\" aria-label=\"Attiva\/Disattiva\"><i class=\"icon-angle-down\" aria-hidden=\"true\"><\/i><\/button>\n\t\t\t<span>Wie l\u00e4uft ein Tandemflug ab?<\/span>\n\t\t<\/a>\n\t\t<div id=\"accordion-118913379-content\" class=\"accordion-inner\" aria-labelledby=\"accordion-118913379-label\">\n\t\t\t\nNach einer Einf\u00fchrung am Startplatz machen Sie sich mit Ihrem Piloten startklar. Nach ein paar schnellen Schritten heben Sie ab und geniessen einen ruhigen Gleitflug \u00fcber die traumhafte Landschaft der Innerschweiz. Der Pilot steuert den Schirm \u2013 auf Wunsch d\u00fcrfen Sie aber auch selbst lenken. Und wenn Adrenalin gefragt ist sind nat\u00fcrlich auch Man\u00f6ver m\u00f6glich!<br \/>\n\t\t<\/div>\n\t<\/div>\n\t\n\t<div id=\"accordion-2910339167\" class=\"accordion-item\">\n\t\t<a id=\"accordion-2910339167-label\" class=\"accordion-title plain\" href=\"#accordion-item-brauche-ich-vorkenntnisse-oder-besondere-fitness?\" aria-expanded=\"false\" aria-controls=\"accordion-2910339167-content\">\n\t\t\t<button class=\"toggle\" aria-label=\"Attiva\/Disattiva\"><i class=\"icon-angle-down\" aria-hidden=\"true\"><\/i><\/button>\n\t\t\t<span>Brauche ich Vorkenntnisse oder besondere Fitness?<\/span>\n\t\t<\/a>\n\t\t<div id=\"accordion-2910339167-content\" class=\"accordion-inner\" aria-labelledby=\"accordion-2910339167-label\">\n\t\t\t\nNein \u2013 der Flug ist f\u00fcr Einsteiger konzipiert. Sie sollten in der Lage sein, beim Start ein paar rasche Schritte bergab zu laufen, aber der Rest passiert ganz entspannt in der Luft.<br \/>\n\t\t<\/div>\n\t<\/div>\n\t\n\t<div id=\"accordion-992388115\" class=\"accordion-item\">\n\t\t<a id=\"accordion-992388115-label\" class=\"accordion-title plain\" href=\"#accordion-item-wie-lange-dauert-der-flug?\" aria-expanded=\"false\" aria-controls=\"accordion-992388115-content\">\n\t\t\t<button class=\"toggle\" aria-label=\"Attiva\/Disattiva\"><i class=\"icon-angle-down\" aria-hidden=\"true\"><\/i><\/button>\n\t\t\t<span>Wie lange dauert der Flug?<\/span>\n\t\t<\/a>\n\t\t<div id=\"accordion-992388115-content\" class=\"accordion-inner\" aria-labelledby=\"accordion-992388115-label\">\n\t\t\t\nDie reine Flugzeit liegt \u2013 je nach Wetter und Thermik \u2013 zwischen 15 und \u00fcber 40 Minuten. Planen Sie insgesamt 2 Stunden ein, inklusive Einf\u00fchrung, Vorbereitung und R\u00fcckweg.<br \/>\n\t\t<\/div>\n\t<\/div>\n\t\n\t<div id=\"accordion-3888691203\" class=\"accordion-item\">\n\t\t<a id=\"accordion-3888691203-label\" class=\"accordion-title plain\" href=\"#accordion-item-welche-h\u00f6hendifferenz-wird-beim-flug-\u00fcberwunden?\" aria-expanded=\"false\" aria-controls=\"accordion-3888691203-content\">\n\t\t\t<button class=\"toggle\" aria-label=\"Attiva\/Disattiva\"><i class=\"icon-angle-down\" aria-hidden=\"true\"><\/i><\/button>\n\t\t\t<span>Welche H\u00f6hendifferenz wird beim Flug \u00fcberwunden?<\/span>\n\t\t<\/a>\n\t\t<div id=\"accordion-3888691203-content\" class=\"accordion-inner\" aria-labelledby=\"accordion-3888691203-label\">\n\t\t\t\nBeim Gleitschirmflug ab der Rigi betr\u00e4gt die H\u00f6hendifferenz \u00fcber 1300m.<br \/>\n\t\t<\/div>\n\t<\/div>\n\t\n\t<div id=\"accordion-677156640\" class=\"accordion-item\">\n\t\t<a id=\"accordion-677156640-label\" class=\"accordion-title plain\" href=\"#accordion-item-k\u00f6nnen-freunde-und-familie-zuschauen?\" aria-expanded=\"false\" aria-controls=\"accordion-677156640-content\">\n\t\t\t<button class=\"toggle\" aria-label=\"Attiva\/Disattiva\"><i class=\"icon-angle-down\" aria-hidden=\"true\"><\/i><\/button>\n\t\t\t<span>K\u00f6nnen Freunde und Familie zuschauen?<\/span>\n\t\t<\/a>\n\t\t<div id=\"accordion-677156640-content\" class=\"accordion-inner\" aria-labelledby=\"accordion-677156640-label\">\n\t\t\t\nSelbstverst\u00e4ndlich! Ihre Begleitung ist herzlich willkommen, um Sie zu begleiten. Am besten sieht man es beim Landeplatz, aber auch den Start k\u00f6nnen Sie verfolgen, und dann mit der Bahn wieder runter fahren.<br \/>\n\t\t<\/div>\n\t<\/div>\n\t\n\t<div id=\"accordion-2457151984\" class=\"accordion-item\">\n\t\t<a id=\"accordion-2457151984-label\" class=\"accordion-title plain\" href=\"#accordion-item-was-passiert-bei-schlechtem-wetter?\" aria-expanded=\"false\" aria-controls=\"accordion-2457151984-content\">\n\t\t\t<button class=\"toggle\" aria-label=\"Attiva\/Disattiva\"><i class=\"icon-angle-down\" aria-hidden=\"true\"><\/i><\/button>\n\t\t\t<span>Was passiert bei schlechtem Wetter?<\/span>\n\t\t<\/a>\n\t\t<div id=\"accordion-2457151984-content\" class=\"accordion-inner\" aria-labelledby=\"accordion-2457151984-label\">\n\t\t\t\nDie Sicherheit steht an erster Stelle. Bei ung\u00fcnstigen Wetterbedingungen wie starkem Wind, Regen oder Nebel wird der Flug verschoben. In diesem Fall vereinbaren wir gemeinsam einen neuen Termin \u2013 selbstverst\u00e4ndlich kostenfrei. Die detaillierte Absprache findet am Vortag statt.<br \/>\n\t\t<\/div>\n\t<\/div>\n\t\n\t<div id=\"accordion-2465910292\" class=\"accordion-item\">\n\t\t<a id=\"accordion-2465910292-label\" class=\"accordion-title plain\" href=\"#accordion-item-wird-das-ganze-jahr-geflogen?\" aria-expanded=\"false\" aria-controls=\"accordion-2465910292-content\">\n\t\t\t<button class=\"toggle\" aria-label=\"Attiva\/Disattiva\"><i class=\"icon-angle-down\" aria-hidden=\"true\"><\/i><\/button>\n\t\t\t<span>Wird das ganze Jahr geflogen?<\/span>\n\t\t<\/a>\n\t\t<div id=\"accordion-2465910292-content\" class=\"accordion-inner\" aria-labelledby=\"accordion-2465910292-label\">\n\t\t\t\nJa, bei gutem Wetter wird das ganze Jahr t\u00e4glich geflogen.<br \/>\n\t\t<\/div>\n\t<\/div>\n\t\n\t<div id=\"accordion-3252022545\" class=\"accordion-item\">\n\t\t<a id=\"accordion-3252022545-label\" class=\"accordion-title plain\" href=\"#accordion-item-kann-ich-den-flug-verschenken?\" aria-expanded=\"false\" aria-controls=\"accordion-3252022545-content\">\n\t\t\t<button class=\"toggle\" aria-label=\"Attiva\/Disattiva\"><i class=\"icon-angle-down\" aria-hidden=\"true\"><\/i><\/button>\n\t\t\t<span>Kann ich den Flug verschenken?<\/span>\n\t\t<\/a>\n\t\t<div id=\"accordion-3252022545-content\" class=\"accordion-inner\" aria-labelledby=\"accordion-3252022545-label\">\n\t\t\t\nAbsolut! Ein Tandemflug eignet sich hervorragend als Geschenk \u2013 z.B. zum Geburtstag, Jubil\u00e4um oder als besonderes Highlight im Urlaub. Auf Wunsch stellen wir gerne einen Gutschein aus.<br \/>\n\t\t<\/div>\n\t<\/div>\n\t\n\t<div id=\"accordion-1999938009\" class=\"accordion-item\">\n\t\t<a id=\"accordion-1999938009-label\" class=\"accordion-title plain\" href=\"#accordion-item-was-soll-ich-anziehen,-was-ist-die-ausr\u00fcstung?\" aria-expanded=\"false\" aria-controls=\"accordion-1999938009-content\">\n\t\t\t<button class=\"toggle\" aria-label=\"Attiva\/Disattiva\"><i class=\"icon-angle-down\" aria-hidden=\"true\"><\/i><\/button>\n\t\t\t<span>Was soll ich anziehen, was ist die Ausr\u00fcstung?<\/span>\n\t\t<\/a>\n\t\t<div id=\"accordion-1999938009-content\" class=\"accordion-inner\" aria-labelledby=\"accordion-1999938009-label\">\n\t\t\t\nKleiden Sie sich dem Wetter entsprechend. Tragen Sie gutes kn\u00f6chelhohes Schuhwerk mit fester Sohle \u2013 geeignet sind Wander- oder Turnschuhe. Auch im Sommer empfiehlt sich ein Pullover oder eine Jacke als Schutz vor dem Wind. F\u00fcr den Flug raten wir zudem zu einer Brille oder Sonnenbrille \u2013 am besten tragen Sie sie direkt, damit sie nicht verloren geht.<br \/>\n\t\t<\/div>\n\t<\/div>\n\t\n\t<div id=\"accordion-2618240637\" class=\"accordion-item\">\n\t\t<a id=\"accordion-2618240637-label\" class=\"accordion-title plain\" href=\"#accordion-item-kann-ich-gep\u00e4ch-mitnehmen?\" aria-expanded=\"false\" aria-controls=\"accordion-2618240637-content\">\n\t\t\t<button class=\"toggle\" aria-label=\"Attiva\/Disattiva\"><i class=\"icon-angle-down\" aria-hidden=\"true\"><\/i><\/button>\n\t\t\t<span>Kann ich Gep\u00e4ch mitnehmen?<\/span>\n\t\t<\/a>\n\t\t<div id=\"accordion-2618240637-content\" class=\"accordion-inner\" aria-labelledby=\"accordion-2618240637-label\">\n\t\t\t\nTrage nur das n\u00f6tigste auf dir (Kleidung, (Sonnen-)Brille, Portemonnaie und Handy. Den Rest kannst du im Schliessfach beim Bahnhof lassen oder im Aute deines Gleitschirmpiloten.<br \/>\n\t\t<\/div>\n\t<\/div>\n\t\n\t<div id=\"accordion-2719086554\" class=\"accordion-item\">\n\t\t<a id=\"accordion-2719086554-label\" class=\"accordion-title plain\" href=\"#accordion-item-werden-fotos-und-videos-gemacht?\" aria-expanded=\"false\" aria-controls=\"accordion-2719086554-content\">\n\t\t\t<button class=\"toggle\" aria-label=\"Attiva\/Disattiva\"><i class=\"icon-angle-down\" aria-hidden=\"true\"><\/i><\/button>\n\t\t\t<span>Werden Fotos und Videos gemacht?<\/span>\n\t\t<\/a>\n\t\t<div id=\"accordion-2719086554-content\" class=\"accordion-inner\" aria-labelledby=\"accordion-2719086554-label\">\n\t\t\t\nJa, diese k\u00f6nnen gegen einen kleinen Aufpreis danach direkt beim Piloten bezogen und auf dein Handy geladen werden.<br \/>\n\t\t<\/div>\n\t<\/div>\n\t\n\t<div id=\"accordion-259557630\" class=\"accordion-item\">\n\t\t<a id=\"accordion-259557630-label\" class=\"accordion-title plain\" href=\"#accordion-item-gibt-es-einschr\u00e4nkungen-bez\u00fcglich-gewicht-und-alter?\" aria-expanded=\"false\" aria-controls=\"accordion-259557630-content\">\n\t\t\t<button class=\"toggle\" aria-label=\"Attiva\/Disattiva\"><i class=\"icon-angle-down\" aria-hidden=\"true\"><\/i><\/button>\n\t\t\t<span>Gibt es Einschr\u00e4nkungen bez\u00fcglich Gewicht und Alter?<\/span>\n\t\t<\/a>\n\t\t<div id=\"accordion-259557630-content\" class=\"accordion-inner\" aria-labelledby=\"accordion-259557630-label\">\n\t\t\t\nBis 90kg kein Problem, bis 110kg sind nach Absprache m\u00f6glich. Das muss dem Piloten vorher einfach mitgeteilt werden bei der Anmeldung. Beim Alter sind 6-99 Jahre m\u00f6glich. Die Person muss in der Lage zu sein, f\u00fcr den Start ein paar rasche Schritte zu laufen.<br \/>\n\t\t<\/div>\n\t<\/div>\n\t\n\t<div id=\"accordion-939949421\" class=\"accordion-item\">\n\t\t<a id=\"accordion-939949421-label\" class=\"accordion-title plain\" href=\"#accordion-item-wo-finden-die-fl\u00fcge-statt?\" aria-expanded=\"false\" aria-controls=\"accordion-939949421-content\">\n\t\t\t<button class=\"toggle\" aria-label=\"Attiva\/Disattiva\"><i class=\"icon-angle-down\" aria-hidden=\"true\"><\/i><\/button>\n\t\t\t<span>Wo finden die Fl\u00fcge statt?<\/span>\n\t\t<\/a>\n\t\t<div id=\"accordion-939949421-content\" class=\"accordion-inner\" aria-labelledby=\"accordion-939949421-label\">\n\t\t\t\nUnsere Tandem-Gleitschirmfl\u00fcge starten auf der Rigi, &#171;K\u00f6nigin der Berge&#187;. Treffpunkt ist bei der Treppe zur Talstation der Zahnradbahn Goldau-Rigi Kulm. Der Landeplatz ist ebenfalls ganz in der N\u00e4he. Der Treffunkt ist ab Luzern oder Z\u00fcrich mit Auto oder \u00d6V schnell erreichbar.<br \/>\n\t\t<\/div>\n\t<\/div>\n\t\n<\/div>\n<p>&nbsp;<\/p>\n<h2>Wo findet der Gleitschirmflug statt?<\/h2>\n<div class=\"leaflet-map WPLeafletMap\" style=\"height:300px; width:100%;\"><\/div><script>\nwindow.WPLeafletMapPlugin = window.WPLeafletMapPlugin || [];\nwindow.WPLeafletMapPlugin.push(function WPLeafletMapShortcode() {\/*<script>*\/\nvar baseUrl = atob('aHR0cHM6Ly90aWxlLm9wZW5zdHJlZXRtYXAub3JnL3t6fS97eH0ve3l9LnBuZw==');\nvar base = (!baseUrl && window.MQ) ?\n    window.MQ.mapLayer() : L.tileLayer(baseUrl,\n        L.Util.extend({}, {\n            detectRetina: 0,\n        },\n        {\"noWrap\":false,\"maxZoom\":19}        )\n    );\n    var options = L.Util.extend({}, {\n        layers: [base],\n        attributionControl: false\n    },\n    {\"zoomControl\":true,\"scrollWheelZoom\":true,\"doubleClickZoom\":true,\"fitBounds\":false,\"minZoom\":0,\"maxZoom\":19,\"maxBounds\":null,\"attribution\":\"<a href=\\\"http:\\\/\\\/leafletjs.com\\\" title=\\\"A JS library for interactive maps\\\">Leaflet<\\\/a>; \\u00a9 <a href=\\\"http:\\\/\\\/www.openstreetmap.org\\\/copyright\\\">OpenStreetMap<\\\/a> contributors\"},\n    {});\nwindow.WPLeafletMapPlugin.createMap(options).setView([47.048645,8.547336],8);});<\/script><script>\nwindow.WPLeafletMapPlugin = window.WPLeafletMapPlugin || [];\nwindow.WPLeafletMapPlugin.push(function WPLeafletMarkerShortcode() {\/*<script>*\/\nvar map = window.WPLeafletMapPlugin.getCurrentMap();\nvar group = window.WPLeafletMapPlugin.getCurrentGroup();\nvar marker_options = window.WPLeafletMapPlugin.getIconOptions({\"iconUrl\":\"https:\\\/\\\/goaviator.com\\\/wp-content\\\/images\\\/goa-map.png\",\"iconSize\":\"48,48\"});\nvar marker = L.marker(\n    [47.048645,8.547336],\n    marker_options\n);\nvar is_image = map.is_image_map;\nif (marker_options.draggable) {\n    marker.on('dragend', function () {\n        var latlng = this.getLatLng();\n        var lat = latlng.lat;\n        var lng = latlng.lng;\n        if (is_image) {\n            console.log('leaflet-marker y=' + lat + ' x=' + lng);\n        } else {\n            console.log('leaflet-marker lat=' + lat + ' lng=' + lng);\n        }\n    });\n}\nmarker.addTo( group );\nmarker.bindPopup(window.WPLeafletMapPlugin.unescape('Gleitschirmflug Rigi'));window.WPLeafletMapPlugin.markers.push( marker );\n        });<\/script>\t\t<\/div>\n\t\t\t\t\t<\/div>\n\n\t\n<\/div>\n","protected":false},"excerpt":{"rendered":"<p>Dopo una breve introduzione al decollo, siete pronti: il vostro parapendio \u00e8 gonfio e il vento \u00e8 perfetto. Con pochi passi, vi staccate da terra e planate silenziosamente nell&#039;aria limpida delle Alpi, sopra la &quot;Regina delle Montagne&quot;. La vista su alcuni dei laghi pi\u00f9 belli della Svizzera centrale \u2013 il Lago dei Quattro Cantoni, il Lago di Zugo e il Lago di Lauerz \u2013 \u00e8 semplicemente magica.<br \/>\nChe tu stia cercando un volo rilassante e tranquillo o emozionanti acrobazie aeree, un pilota biposto certificato adatter\u00e0 l&#039;esperienza alle tue esigenze e preferenze. Un volo in parapendio sul Rigi \u00e8 un regalo fantastico per avventurieri, amanti della natura o chiunque desideri vivere un&#039;esperienza davvero speciale. Non \u00e8 richiesta alcuna esperienza pregressa: solo un po&#039; di coraggio, curiosit\u00e0 e il desiderio di qualcosa di veramente straordinario.<\/p>","protected":false},"featured_media":11570,"template":"","meta":[],"product_brand":[],"product_cat":[593,706,708,675,718,719,647,680,696,690],"product_tag":[649,676,678,648,612,682,411,679],"class_list":["post-11560","product","type-product","status-publish","has-post-thumbnail","product_cat-akrobatikfluege-schweiz-buchen","product_cat-akrobatikfluege-rigi","product_cat-akrobatikfluege-zentralschweiz","product_cat-tandem-gleitschirmflug-schweiz","product_cat-gleitschirmfluege-rigi","product_cat-gleitschirmfluege-zentralschweiz","product_cat-highlights","product_cat-tandem-gleitschirmflug-rigi","product_cat-rundfluege-rigi","product_cat-rundfluege-zentralschweiz","product_tag-flugakrobatik","product_tag-gleitschirm","product_tag-gleitschirmflug","product_tag-highlights","product_tag-kunstflug-de","product_tag-rigi","product_tag-schweiz","product_tag-tandemflug","pa_best-season-to-fly-fruhling","pa_best-season-to-fly-herbst","pa_best-season-to-fly-sommer","pa_flugdauer-20-minuten","pa_flugdauer-25-minutes","pa_flugplatz-land-schweiz-de","pa_flugzeugart-leichtes-sportflugzeug","pa_verfuegbarkeit-nach-vereinbarung","first","instock","shipping-taxable","purchasable","product-type-variable"],"_links":{"self":[{"href":"https:\/\/www.goaviator.com\/it\/wp-json\/wp\/v2\/product\/11560","targetHints":{"allow":["GET"]}}],"collection":[{"href":"https:\/\/www.goaviator.com\/it\/wp-json\/wp\/v2\/product"}],"about":[{"href":"https:\/\/www.goaviator.com\/it\/wp-json\/wp\/v2\/types\/product"}],"wp:featuredmedia":[{"embeddable":true,"href":"https:\/\/www.goaviator.com\/it\/wp-json\/wp\/v2\/media\/11570"}],"wp:attachment":[{"href":"https:\/\/www.goaviator.com\/it\/wp-json\/wp\/v2\/media?parent=11560"}],"wp:term":[{"taxonomy":"product_brand","embeddable":true,"href":"https:\/\/www.goaviator.com\/it\/wp-json\/wp\/v2\/product_brand?post=11560"},{"taxonomy":"product_cat","embeddable":true,"href":"https:\/\/www.goaviator.com\/it\/wp-json\/wp\/v2\/product_cat?post=11560"},{"taxonomy":"product_tag","embeddable":true,"href":"https:\/\/www.goaviator.com\/it\/wp-json\/wp\/v2\/product_tag?post=11560"}],"curies":[{"name":"wp","href":"https:\/\/api.w.org\/{rel}","templated":true}]}}